{"id":12562,"date":"2022-02-02T09:02:52","date_gmt":"2022-02-02T08:02:52","guid":{"rendered":"https:\/\/www.anteo.com\/?page_id=12562"},"modified":"2022-07-26T10:56:51","modified_gmt":"2022-07-26T08:56:51","slug":"lifte-fur-vans","status":"publish","type":"page","link":"https:\/\/www.anteo.com\/de\/produkte\/lifte-fur-vans\/","title":{"rendered":"Lifte f\u00fcr Vans"},"content":{"rendered":"\t\t<div data-elementor-type=\"wp-page\" data-elementor-id=\"12562\" class=\"elementor elementor-12562 elementor-1704\" data-elementor-post-type=\"page\">\n\t\t\t\t\t\t<section class=\"elementor-section elementor-top-section elementor-element elementor-element-850fb19 elementor-section-full_width elementor-section-height-default elementor-section-height-default\" data-id=\"850fb19\" data-element_type=\"section\" data-settings=\"{&quot;background_background&quot;:&quot;classic&quot;}\">\n\t\t\t\t\t\t<div class=\"elementor-container elementor-column-gap-default\">\n\t\t\t\t\t<div class=\"elementor-column elementor-col-100 elementor-top-column elementor-element elementor-element-7ee7b68\" data-id=\"7ee7b68\" data-element_type=\"column\" data-settings=\"{&quot;background_background&quot;:&quot;classic&quot;}\">\n\t\t\t<div class=\"elementor-widget-wrap elementor-element-populated\">\n\t\t\t\t\t\t<section class=\"elementor-section elementor-inner-section elementor-element elementor-element-30c21a6 elementor-section-full_width elementor-section-content-bottom elementor-section-height-default elementor-section-height-default\" data-id=\"30c21a6\" data-element_type=\"section\" data-settings=\"{&quot;background_background&quot;:&quot;classic&quot;}\">\n\t\t\t\t\t\t<div class=\"elementor-container elementor-column-gap-default\">\n\t\t\t\t\t<div class=\"elementor-column elementor-col-50 elementor-inner-column elementor-element elementor-element-12e32ab\" data-id=\"12e32ab\" data-element_type=\"column\">\n\t\t\t<div class=\"elementor-widget-wrap elementor-element-populated\">\n\t\t\t\t\t\t<div class=\"elementor-element elementor-element-5d32eaa elementor-hidden-desktop elementor-hidden-tablet elementor-widget elementor-widget-image\" data-id=\"5d32eaa\" data-element_type=\"widget\" data-widget_type=\"image.default\">\n\t\t\t\t<div class=\"elementor-widget-container\">\n\t\t\t<style>\/*! elementor - v3.19.0 - 07-02-2024 *\/\n.elementor-widget-image{text-align:center}.elementor-widget-image a{display:inline-block}.elementor-widget-image a img[src$=\".svg\"]{width:48px}.elementor-widget-image img{vertical-align:middle;display:inline-block}<\/style>\t\t\t\t\t\t\t\t\t\t<img fetchpriority=\"high\" decoding=\"async\" width=\"475\" height=\"194\" src=\"https:\/\/www.anteo.com\/wp-content\/uploads\/2022\/01\/Sponde-COMMERCIALI-2.png\" class=\"attachment-large size-large wp-image-11016\" alt=\"\" srcset=\"https:\/\/www.anteo.com\/wp-content\/uploads\/2022\/01\/Sponde-COMMERCIALI-2.png 475w, https:\/\/www.anteo.com\/wp-content\/uploads\/2022\/01\/Sponde-COMMERCIALI-2-300x123.png 300w\" sizes=\"(max-width: 475px) 100vw, 475px\" \/>\t\t\t\t\t\t\t\t\t\t\t\t\t<\/div>\n\t\t\t\t<\/div>\n\t\t\t\t<div class=\"elementor-element elementor-element-179d0b8 elementor-widget elementor-widget-heading\" data-id=\"179d0b8\" data-element_type=\"widget\" data-widget_type=\"heading.default\">\n\t\t\t\t<div class=\"elementor-widget-container\">\n\t\t\t<style>\/*! elementor - v3.19.0 - 07-02-2024 *\/\n.elementor-heading-title{padding:0;margin:0;line-height:1}.elementor-widget-heading .elementor-heading-title[class*=elementor-size-]>a{color:inherit;font-size:inherit;line-height:inherit}.elementor-widget-heading .elementor-heading-title.elementor-size-small{font-size:15px}.elementor-widget-heading .elementor-heading-title.elementor-size-medium{font-size:19px}.elementor-widget-heading .elementor-heading-title.elementor-size-large{font-size:29px}.elementor-widget-heading .elementor-heading-title.elementor-size-xl{font-size:39px}.elementor-widget-heading .elementor-heading-title.elementor-size-xxl{font-size:59px}<\/style><h1 class=\"elementor-heading-title elementor-size-default\">Lifte f\u00fcr Vans<\/h1>\t\t<\/div>\n\t\t\t\t<\/div>\n\t\t\t\t<div class=\"elementor-element elementor-element-78b7e93 elementor-hidden-desktop elementor-hidden-tablet elementor-hidden-mobile elementor-widget elementor-widget-text-editor\" data-id=\"78b7e93\" data-element_type=\"widget\" data-widget_type=\"text-editor.default\">\n\t\t\t\t<div class=\"elementor-widget-container\">\n\t\t\t<style>\/*! elementor - v3.19.0 - 07-02-2024 *\/\n.elementor-widget-text-editor.elementor-drop-cap-view-stacked .elementor-drop-cap{background-color:#69727d;color:#fff}.elementor-widget-text-editor.elementor-drop-cap-view-framed .elementor-drop-cap{color:#69727d;border:3px solid;background-color:transparent}.elementor-widget-text-editor:not(.elementor-drop-cap-view-default) .elementor-drop-cap{margin-top:8px}.elementor-widget-text-editor:not(.elementor-drop-cap-view-default) .elementor-drop-cap-letter{width:1em;height:1em}.elementor-widget-text-editor .elementor-drop-cap{float:left;text-align:center;line-height:1;font-size:50px}.elementor-widget-text-editor .elementor-drop-cap-letter{display:inline-block}<\/style>\t\t\t\t<p>Le sponde per veicoli commerciali sono progettate per rispondere alle diverse esigenze di carico, prediligendo la versatilit\u00e0 di utilizzo, associata a peso ridotto per minimizzare l\u2019impatto sulla capacit\u00e0 di carico del mezzo.\nLa personalit\u00e0 di personalizzazione e l&#8217;installazione senza modifiche al veicolo le rendono la soluzione ideale per agevolare il lavoro quotidiano in citt\u00e0.<\/p>\t\t\t\t\t\t<\/div>\n\t\t\t\t<\/div>\n\t\t\t\t\t<\/div>\n\t\t<\/div>\n\t\t\t\t<div class=\"elementor-column elementor-col-50 elementor-inner-column elementor-element elementor-element-ccf89b8 elementor-hidden-mobile\" data-id=\"ccf89b8\" data-element_type=\"column\" data-settings=\"{&quot;background_background&quot;:&quot;classic&quot;}\">\n\t\t\t<div class=\"elementor-widget-wrap\">\n\t\t\t\t\t\t\t<\/div>\n\t\t<\/div>\n\t\t\t\t\t<\/div>\n\t\t<\/section>\n\t\t\t\t\t<\/div>\n\t\t<\/div>\n\t\t\t\t\t<\/div>\n\t\t<\/section>\n\t\t\t\t<section class=\"elementor-section elementor-top-section elementor-element elementor-element-8eeedd1 elementor-section-full_width elementor-section-height-default elementor-section-height-default\" data-id=\"8eeedd1\" data-element_type=\"section\" data-settings=\"{&quot;background_background&quot;:&quot;classic&quot;}\">\n\t\t\t\t\t\t<div class=\"elementor-container elementor-column-gap-default\">\n\t\t\t\t\t<div class=\"elementor-column elementor-col-100 elementor-top-column elementor-element elementor-element-73c2949a\" data-id=\"73c2949a\" data-element_type=\"column\" data-settings=\"{&quot;background_background&quot;:&quot;classic&quot;}\">\n\t\t\t<div class=\"elementor-widget-wrap elementor-element-populated\">\n\t\t\t\t\t\t<section class=\"elementor-section elementor-inner-section elementor-element elementor-element-4426f604 elementor-section-full_width elementor-section-height-default elementor-section-height-default\" data-id=\"4426f604\" data-element_type=\"section\">\n\t\t\t\t\t\t<div class=\"elementor-container elementor-column-gap-custom\">\n\t\t\t\t\t<div class=\"elementor-column elementor-col-25 elementor-inner-column elementor-element elementor-element-312054f7\" data-id=\"312054f7\" data-element_type=\"column\" data-settings=\"{&quot;background_background&quot;:&quot;classic&quot;}\">\n\t\t\t<div class=\"elementor-widget-wrap elementor-element-populated\">\n\t\t\t\t\t\t<div class=\"elementor-element elementor-element-6aa488d7 elementor-position-top elementor-widget elementor-widget-image-box\" data-id=\"6aa488d7\" data-element_type=\"widget\" data-widget_type=\"image-box.default\">\n\t\t\t\t<div class=\"elementor-widget-container\">\n\t\t\t<style>\/*! elementor - v3.19.0 - 07-02-2024 *\/\n.elementor-widget-image-box .elementor-image-box-content{width:100%}@media (min-width:768px){.elementor-widget-image-box.elementor-position-left .elementor-image-box-wrapper,.elementor-widget-image-box.elementor-position-right .elementor-image-box-wrapper{display:flex}.elementor-widget-image-box.elementor-position-right .elementor-image-box-wrapper{text-align:right;flex-direction:row-reverse}.elementor-widget-image-box.elementor-position-left .elementor-image-box-wrapper{text-align:left;flex-direction:row}.elementor-widget-image-box.elementor-position-top .elementor-image-box-img{margin:auto}.elementor-widget-image-box.elementor-vertical-align-top .elementor-image-box-wrapper{align-items:flex-start}.elementor-widget-image-box.elementor-vertical-align-middle .elementor-image-box-wrapper{align-items:center}.elementor-widget-image-box.elementor-vertical-align-bottom .elementor-image-box-wrapper{align-items:flex-end}}@media (max-width:767px){.elementor-widget-image-box .elementor-image-box-img{margin-left:auto!important;margin-right:auto!important;margin-bottom:15px}}.elementor-widget-image-box .elementor-image-box-img{display:inline-block}.elementor-widget-image-box .elementor-image-box-title a{color:inherit}.elementor-widget-image-box .elementor-image-box-wrapper{text-align:center}.elementor-widget-image-box .elementor-image-box-description{margin:0}<\/style><div class=\"elementor-image-box-wrapper\"><figure class=\"elementor-image-box-img\"><a href=\"https:\/\/www.anteo.com\/de\/produkte\/lifte-fur-vans\/f3re030-60\/\" tabindex=\"-1\"><img decoding=\"async\" width=\"1024\" height=\"1024\" src=\"https:\/\/www.anteo.com\/wp-content\/uploads\/2022\/01\/Anteo-sponda-F3RE030-60.jpg\" class=\"attachment-full size-full wp-image-1783\" alt=\"Anteo sponde idrauliche made in Italy\" srcset=\"https:\/\/www.anteo.com\/wp-content\/uploads\/2022\/01\/Anteo-sponda-F3RE030-60.jpg 1024w, https:\/\/www.anteo.com\/wp-content\/uploads\/2022\/01\/Anteo-sponda-F3RE030-60-300x300.jpg 300w, https:\/\/www.anteo.com\/wp-content\/uploads\/2022\/01\/Anteo-sponda-F3RE030-60-150x150.jpg 150w, https:\/\/www.anteo.com\/wp-content\/uploads\/2022\/01\/Anteo-sponda-F3RE030-60-768x768.jpg 768w\" sizes=\"(max-width: 1024px) 100vw, 1024px\" \/><\/a><\/figure><div class=\"elementor-image-box-content\"><h3 class=\"elementor-image-box-title\"><a href=\"https:\/\/www.anteo.com\/de\/produkte\/lifte-fur-vans\/f3re030-60\/\">F3RE030\/60<\/a><\/h3><p class=\"elementor-image-box-description\"><b>capacity: 300 kg.<\/b><br>Der Lift ist in einer Stahlkassette untergebracht, die seitlich unter dem Fahrzeug montiert wird. Durch die geringe Gr\u00f6\u00dfe kann das Produkt unter einer Vielzahl von Fahrzeugen verbaut werden. Der Betrieb<\/p><\/div><\/div>\t\t<\/div>\n\t\t\t\t<\/div>\n\t\t\t\t<div class=\"elementor-element elementor-element-a09e2a elementor-align-left elementor-tablet-align-left elementor-widget elementor-widget-button\" data-id=\"a09e2a\" data-element_type=\"widget\" data-widget_type=\"button.default\">\n\t\t\t\t<div class=\"elementor-widget-container\">\n\t\t\t\t\t<div class=\"elementor-button-wrapper\">\n\t\t\t<a class=\"elementor-button elementor-button-link elementor-size-sm\" href=\"https:\/\/www.anteo.com\/de\/produkte\/lifte-fur-vans\/f3re030-60\/\">\n\t\t\t\t\t\t<span class=\"elementor-button-content-wrapper\">\n\t\t\t\t\t\t<span class=\"elementor-button-text\">Details<\/span>\n\t\t<\/span>\n\t\t\t\t\t<\/a>\n\t\t<\/div>\n\t\t\t\t<\/div>\n\t\t\t\t<\/div>\n\t\t\t\t\t<\/div>\n\t\t<\/div>\n\t\t\t\t<div class=\"elementor-column elementor-col-25 elementor-inner-column elementor-element elementor-element-5fb9e5e0\" data-id=\"5fb9e5e0\" data-element_type=\"column\" data-settings=\"{&quot;background_background&quot;:&quot;classic&quot;}\">\n\t\t\t<div class=\"elementor-widget-wrap elementor-element-populated\">\n\t\t\t\t\t\t<div class=\"elementor-element elementor-element-4e18575e elementor-position-top elementor-widget elementor-widget-image-box\" data-id=\"4e18575e\" data-element_type=\"widget\" data-widget_type=\"image-box.default\">\n\t\t\t\t<div class=\"elementor-widget-container\">\n\t\t\t<div class=\"elementor-image-box-wrapper\"><figure class=\"elementor-image-box-img\"><a href=\"https:\/\/www.anteo.com\/de\/produkte\/lifte-fur-vans\/f3re030-90\/\" tabindex=\"-1\"><img decoding=\"async\" width=\"1024\" height=\"1024\" src=\"https:\/\/www.anteo.com\/wp-content\/uploads\/2022\/01\/Anteo-sponda-F3RE03090.jpg\" class=\"attachment-full size-full wp-image-1824\" alt=\"Anteo sponde idrauliche made in Italy\" srcset=\"https:\/\/www.anteo.com\/wp-content\/uploads\/2022\/01\/Anteo-sponda-F3RE03090.jpg 1024w, https:\/\/www.anteo.com\/wp-content\/uploads\/2022\/01\/Anteo-sponda-F3RE03090-300x300.jpg 300w, https:\/\/www.anteo.com\/wp-content\/uploads\/2022\/01\/Anteo-sponda-F3RE03090-150x150.jpg 150w, https:\/\/www.anteo.com\/wp-content\/uploads\/2022\/01\/Anteo-sponda-F3RE03090-768x768.jpg 768w\" sizes=\"(max-width: 1024px) 100vw, 1024px\" \/><\/a><\/figure><div class=\"elementor-image-box-content\"><h3 class=\"elementor-image-box-title\"><a href=\"https:\/\/www.anteo.com\/de\/produkte\/lifte-fur-vans\/f3re030-90\/\">F3RE030\/90<\/a><\/h3><p class=\"elementor-image-box-description\"><b>capacity: 300 kg.<\/b><br>Der Lift ist in einer Stahlkassette untergebracht, die seitlich unter dem Fahrzeug montiert wird. Durch die geringe Gr\u00f6\u00dfe kann das Produkt unter einer Vielzahl von Fahrzeugen verbaut werden. Der Betrieb<\/p><\/div><\/div>\t\t<\/div>\n\t\t\t\t<\/div>\n\t\t\t\t<div class=\"elementor-element elementor-element-23febd4b elementor-align-left elementor-tablet-align-left elementor-widget elementor-widget-button\" data-id=\"23febd4b\" data-element_type=\"widget\" data-widget_type=\"button.default\">\n\t\t\t\t<div class=\"elementor-widget-container\">\n\t\t\t\t\t<div class=\"elementor-button-wrapper\">\n\t\t\t<a class=\"elementor-button elementor-button-link elementor-size-sm\" href=\"https:\/\/www.anteo.com\/de\/produkte\/lifte-fur-vans\/f3re030-90\/\">\n\t\t\t\t\t\t<span class=\"elementor-button-content-wrapper\">\n\t\t\t\t\t\t<span class=\"elementor-button-text\">Details<\/span>\n\t\t<\/span>\n\t\t\t\t\t<\/a>\n\t\t<\/div>\n\t\t\t\t<\/div>\n\t\t\t\t<\/div>\n\t\t\t\t\t<\/div>\n\t\t<\/div>\n\t\t\t\t<div class=\"elementor-column elementor-col-25 elementor-inner-column elementor-element elementor-element-10fab05b\" data-id=\"10fab05b\" data-element_type=\"column\" data-settings=\"{&quot;background_background&quot;:&quot;classic&quot;}\">\n\t\t\t<div class=\"elementor-widget-wrap elementor-element-populated\">\n\t\t\t\t\t\t<div class=\"elementor-element elementor-element-9411d4b elementor-position-top elementor-widget elementor-widget-image-box\" data-id=\"9411d4b\" data-element_type=\"widget\" data-widget_type=\"image-box.default\">\n\t\t\t\t<div class=\"elementor-widget-container\">\n\t\t\t<div class=\"elementor-image-box-wrapper\"><figure class=\"elementor-image-box-img\"><a href=\"https:\/\/www.anteo.com\/de\/produkte\/lifte-fur-vans\/f3iv032\/\" tabindex=\"-1\"><img loading=\"lazy\" decoding=\"async\" width=\"1024\" height=\"1024\" src=\"https:\/\/www.anteo.com\/wp-content\/uploads\/2022\/07\/Sponde-Idrauliche-anteo-F3IV.jpg\" class=\"attachment-full size-full wp-image-26515\" alt=\"\" srcset=\"https:\/\/www.anteo.com\/wp-content\/uploads\/2022\/07\/Sponde-Idrauliche-anteo-F3IV.jpg 1024w, https:\/\/www.anteo.com\/wp-content\/uploads\/2022\/07\/Sponde-Idrauliche-anteo-F3IV-300x300.jpg 300w, https:\/\/www.anteo.com\/wp-content\/uploads\/2022\/07\/Sponde-Idrauliche-anteo-F3IV-150x150.jpg 150w, https:\/\/www.anteo.com\/wp-content\/uploads\/2022\/07\/Sponde-Idrauliche-anteo-F3IV-768x768.jpg 768w\" sizes=\"(max-width: 1024px) 100vw, 1024px\" \/><\/a><\/figure><div class=\"elementor-image-box-content\"><h3 class=\"elementor-image-box-title\"><a href=\"https:\/\/www.anteo.com\/de\/produkte\/lifte-fur-vans\/f3iv032\/\">F3IV032<\/a><\/h3><p class=\"elementor-image-box-description\"><b>capacity: 320 kg.<\/b><br>Die Ladebordwand F3HD IV 032 entwickelt insbesonders f\u00fcr:<br>\n<ul>\n<li>Citroen JUMPER\n<li>Citroen RELAY\n<li>Fiat DUCATO\n<\/ul><\/p><\/div><\/div>\t\t<\/div>\n\t\t\t\t<\/div>\n\t\t\t\t<div class=\"elementor-element elementor-element-569cb57a elementor-align-left elementor-tablet-align-left elementor-widget elementor-widget-button\" data-id=\"569cb57a\" data-element_type=\"widget\" data-widget_type=\"button.default\">\n\t\t\t\t<div class=\"elementor-widget-container\">\n\t\t\t\t\t<div class=\"elementor-button-wrapper\">\n\t\t\t<a class=\"elementor-button elementor-button-link elementor-size-sm\" href=\"https:\/\/www.anteo.com\/de\/produkte\/lifte-fur-vans\/f3iv032\/\">\n\t\t\t\t\t\t<span class=\"elementor-button-content-wrapper\">\n\t\t\t\t\t\t<span class=\"elementor-button-text\">Details<\/span>\n\t\t<\/span>\n\t\t\t\t\t<\/a>\n\t\t<\/div>\n\t\t\t\t<\/div>\n\t\t\t\t<\/div>\n\t\t\t\t\t<\/div>\n\t\t<\/div>\n\t\t\t\t<div class=\"elementor-column elementor-col-25 elementor-inner-column elementor-element elementor-element-74a245b\" data-id=\"74a245b\" data-element_type=\"column\" data-settings=\"{&quot;background_background&quot;:&quot;classic&quot;}\">\n\t\t\t<div class=\"elementor-widget-wrap elementor-element-populated\">\n\t\t\t\t\t\t<div class=\"elementor-element elementor-element-e61d49a elementor-position-top elementor-widget elementor-widget-image-box\" data-id=\"e61d49a\" data-element_type=\"widget\" data-widget_type=\"image-box.default\">\n\t\t\t\t<div class=\"elementor-widget-container\">\n\t\t\t<div class=\"elementor-image-box-wrapper\"><figure class=\"elementor-image-box-img\"><a href=\"https:\/\/www.anteo.com\/de\/produkte\/lifte-fur-vans\/f3re035a\/\" tabindex=\"-1\"><img loading=\"lazy\" decoding=\"async\" width=\"1024\" height=\"1024\" src=\"https:\/\/www.anteo.com\/wp-content\/uploads\/2022\/01\/Anteo-sponda-F3RE035.jpg\" class=\"attachment-full size-full wp-image-1859\" alt=\"Anteo_sponda_F3RE035_Anteo sponde idrauliche made in Italy\" srcset=\"https:\/\/www.anteo.com\/wp-content\/uploads\/2022\/01\/Anteo-sponda-F3RE035.jpg 1024w, https:\/\/www.anteo.com\/wp-content\/uploads\/2022\/01\/Anteo-sponda-F3RE035-300x300.jpg 300w, https:\/\/www.anteo.com\/wp-content\/uploads\/2022\/01\/Anteo-sponda-F3RE035-150x150.jpg 150w, https:\/\/www.anteo.com\/wp-content\/uploads\/2022\/01\/Anteo-sponda-F3RE035-768x768.jpg 768w\" sizes=\"(max-width: 1024px) 100vw, 1024px\" \/><\/a><\/figure><div class=\"elementor-image-box-content\"><h3 class=\"elementor-image-box-title\"><a href=\"https:\/\/www.anteo.com\/de\/produkte\/lifte-fur-vans\/f3re035a\/\">F3RE035A<\/a><\/h3><p class=\"elementor-image-box-description\"><b>capacity: 350 kg.<\/b><br>Der F3 RE 035 \/A ist ein ausfahrbarer Lift, welcher in einer Aluminiumkassette verstaut ist, die unter dem Heck eines Vans installiert wird. Durch das Verwenden von Aluminium als Material f\u00fcr die Kassette, sind Gr\u00f6\u00dfe und<\/p><\/div><\/div>\t\t<\/div>\n\t\t\t\t<\/div>\n\t\t\t\t<div class=\"elementor-element elementor-element-1fc9f23 elementor-align-left elementor-tablet-align-left elementor-widget elementor-widget-button\" data-id=\"1fc9f23\" data-element_type=\"widget\" data-widget_type=\"button.default\">\n\t\t\t\t<div class=\"elementor-widget-container\">\n\t\t\t\t\t<div class=\"elementor-button-wrapper\">\n\t\t\t<a class=\"elementor-button elementor-button-link elementor-size-sm\" href=\"https:\/\/www.anteo.com\/de\/produkte\/lifte-fur-vans\/f3re035a\/\">\n\t\t\t\t\t\t<span class=\"elementor-button-content-wrapper\">\n\t\t\t\t\t\t<span class=\"elementor-button-text\">Details<\/span>\n\t\t<\/span>\n\t\t\t\t\t<\/a>\n\t\t<\/div>\n\t\t\t\t<\/div>\n\t\t\t\t<\/div>\n\t\t\t\t\t<\/div>\n\t\t<\/div>\n\t\t\t\t\t<\/div>\n\t\t<\/section>\n\t\t\t\t<section class=\"elementor-section elementor-inner-section elementor-element elementor-element-9f73e1c elementor-section-full_width elementor-section-height-default elementor-section-height-default\" data-id=\"9f73e1c\" data-element_type=\"section\">\n\t\t\t\t\t\t<div class=\"elementor-container elementor-column-gap-custom\">\n\t\t\t\t\t<div class=\"elementor-column elementor-col-25 elementor-inner-column elementor-element elementor-element-dbc7298\" data-id=\"dbc7298\" data-element_type=\"column\" data-settings=\"{&quot;background_background&quot;:&quot;classic&quot;}\">\n\t\t\t<div class=\"elementor-widget-wrap elementor-element-populated\">\n\t\t\t\t\t\t<div class=\"elementor-element elementor-element-1efe075 elementor-position-top elementor-widget elementor-widget-image-box\" data-id=\"1efe075\" data-element_type=\"widget\" data-widget_type=\"image-box.default\">\n\t\t\t\t<div class=\"elementor-widget-container\">\n\t\t\t<div class=\"elementor-image-box-wrapper\"><figure class=\"elementor-image-box-img\"><a href=\"https:\/\/www.anteo.com\/de\/produkte\/lifte-fur-vans\/f3v050\/\" tabindex=\"-1\"><img loading=\"lazy\" decoding=\"async\" width=\"1024\" height=\"1024\" src=\"https:\/\/www.anteo.com\/wp-content\/uploads\/2022\/01\/F3V050-anteo.jpg\" class=\"attachment-full size-full wp-image-1866\" alt=\"Anteo-sponda-F3V05\" srcset=\"https:\/\/www.anteo.com\/wp-content\/uploads\/2022\/01\/F3V050-anteo.jpg 1024w, https:\/\/www.anteo.com\/wp-content\/uploads\/2022\/01\/F3V050-anteo-300x300.jpg 300w, https:\/\/www.anteo.com\/wp-content\/uploads\/2022\/01\/F3V050-anteo-150x150.jpg 150w, https:\/\/www.anteo.com\/wp-content\/uploads\/2022\/01\/F3V050-anteo-768x768.jpg 768w\" sizes=\"(max-width: 1024px) 100vw, 1024px\" \/><\/a><\/figure><div class=\"elementor-image-box-content\"><h3 class=\"elementor-image-box-title\"><a href=\"https:\/\/www.anteo.com\/de\/produkte\/lifte-fur-vans\/f3v050\/\">F3V050<\/a><\/h3><p class=\"elementor-image-box-description\"><b>capacity: 500 kg.<\/b><br>Die Ladebordwand F3 V050 wurde f\u00fcr die Klasse der Kastenwagen mit 3.5 Tonnen entwickelt, und kann einfach und ohne \u00c4nderungen am Tr\u00e4gerfahrzeug installiert werden.<\/p><\/div><\/div>\t\t<\/div>\n\t\t\t\t<\/div>\n\t\t\t\t<div class=\"elementor-element elementor-element-c030766 elementor-align-left elementor-tablet-align-left elementor-widget elementor-widget-button\" data-id=\"c030766\" data-element_type=\"widget\" data-widget_type=\"button.default\">\n\t\t\t\t<div class=\"elementor-widget-container\">\n\t\t\t\t\t<div class=\"elementor-button-wrapper\">\n\t\t\t<a class=\"elementor-button elementor-button-link elementor-size-sm\" href=\"https:\/\/www.anteo.com\/de\/produkte\/lifte-fur-vans\/f3v050\/\">\n\t\t\t\t\t\t<span class=\"elementor-button-content-wrapper\">\n\t\t\t\t\t\t<span class=\"elementor-button-text\">Details<\/span>\n\t\t<\/span>\n\t\t\t\t\t<\/a>\n\t\t<\/div>\n\t\t\t\t<\/div>\n\t\t\t\t<\/div>\n\t\t\t\t\t<\/div>\n\t\t<\/div>\n\t\t\t\t<div class=\"elementor-column elementor-col-25 elementor-inner-column elementor-element elementor-element-058f4e6\" data-id=\"058f4e6\" data-element_type=\"column\" data-settings=\"{&quot;background_background&quot;:&quot;classic&quot;}\">\n\t\t\t<div class=\"elementor-widget-wrap elementor-element-populated\">\n\t\t\t\t\t\t<div class=\"elementor-element elementor-element-8d64a68 elementor-position-top elementor-widget elementor-widget-image-box\" data-id=\"8d64a68\" data-element_type=\"widget\" data-widget_type=\"image-box.default\">\n\t\t\t\t<div class=\"elementor-widget-container\">\n\t\t\t<div class=\"elementor-image-box-wrapper\"><figure class=\"elementor-image-box-img\"><a href=\"https:\/\/www.anteo.com\/de\/produkte\/lifte-fur-vans\/f3v050f\/\" tabindex=\"-1\"><img loading=\"lazy\" decoding=\"async\" width=\"1024\" height=\"1024\" src=\"https:\/\/www.anteo.com\/wp-content\/uploads\/2022\/07\/Sponde-idrauliche-anteo-F3V0F_1.jpg\" class=\"attachment-full size-full wp-image-26678\" alt=\"\" srcset=\"https:\/\/www.anteo.com\/wp-content\/uploads\/2022\/07\/Sponde-idrauliche-anteo-F3V0F_1.jpg 1024w, https:\/\/www.anteo.com\/wp-content\/uploads\/2022\/07\/Sponde-idrauliche-anteo-F3V0F_1-300x300.jpg 300w, https:\/\/www.anteo.com\/wp-content\/uploads\/2022\/07\/Sponde-idrauliche-anteo-F3V0F_1-150x150.jpg 150w, https:\/\/www.anteo.com\/wp-content\/uploads\/2022\/07\/Sponde-idrauliche-anteo-F3V0F_1-768x768.jpg 768w\" sizes=\"(max-width: 1024px) 100vw, 1024px\" \/><\/a><\/figure><div class=\"elementor-image-box-content\"><h3 class=\"elementor-image-box-title\"><a href=\"https:\/\/www.anteo.com\/de\/produkte\/lifte-fur-vans\/f3v050f\/\">F3V050F<\/a><\/h3><p class=\"elementor-image-box-description\"><b>capacity: 500 kg.<\/b><br>Die Ladebordwand F3 V050F wurde f\u00fcr die Klasse der Kastenwagen mit 3.5 Tonnen entwickelt, und kann einfach und ohne \u00c4nderungen am Tr\u00e4gerfahrzeug installiert werden.<\/p><\/div><\/div>\t\t<\/div>\n\t\t\t\t<\/div>\n\t\t\t\t<div class=\"elementor-element elementor-element-fc806b2 elementor-align-left elementor-tablet-align-left elementor-widget elementor-widget-button\" data-id=\"fc806b2\" data-element_type=\"widget\" data-widget_type=\"button.default\">\n\t\t\t\t<div class=\"elementor-widget-container\">\n\t\t\t\t\t<div class=\"elementor-button-wrapper\">\n\t\t\t<a class=\"elementor-button elementor-button-link elementor-size-sm\" href=\"https:\/\/www.anteo.com\/de\/produkte\/lifte-fur-vans\/f3v050f\/\">\n\t\t\t\t\t\t<span class=\"elementor-button-content-wrapper\">\n\t\t\t\t\t\t<span class=\"elementor-button-text\">Details<\/span>\n\t\t<\/span>\n\t\t\t\t\t<\/a>\n\t\t<\/div>\n\t\t\t\t<\/div>\n\t\t\t\t<\/div>\n\t\t\t\t\t<\/div>\n\t\t<\/div>\n\t\t\t\t<div class=\"elementor-column elementor-col-25 elementor-inner-column elementor-element elementor-element-0643923\" data-id=\"0643923\" data-element_type=\"column\" data-settings=\"{&quot;background_background&quot;:&quot;classic&quot;}\">\n\t\t\t<div class=\"elementor-widget-wrap elementor-element-populated\">\n\t\t\t\t\t\t<div class=\"elementor-element elementor-element-12138ee elementor-position-top elementor-widget elementor-widget-image-box\" data-id=\"12138ee\" data-element_type=\"widget\" data-widget_type=\"image-box.default\">\n\t\t\t\t<div class=\"elementor-widget-container\">\n\t\t\t<div class=\"elementor-image-box-wrapper\"><figure class=\"elementor-image-box-img\"><a href=\"https:\/\/www.anteo.com\/de\/produkte\/lifte-fur-vans\/f3iv050\/\" tabindex=\"-1\"><img loading=\"lazy\" decoding=\"async\" width=\"1024\" height=\"1024\" src=\"https:\/\/www.anteo.com\/wp-content\/uploads\/2022\/07\/Sponde-Idrauliche-anteo-F3IV.jpg\" class=\"attachment-full size-full wp-image-26515\" alt=\"\" srcset=\"https:\/\/www.anteo.com\/wp-content\/uploads\/2022\/07\/Sponde-Idrauliche-anteo-F3IV.jpg 1024w, https:\/\/www.anteo.com\/wp-content\/uploads\/2022\/07\/Sponde-Idrauliche-anteo-F3IV-300x300.jpg 300w, https:\/\/www.anteo.com\/wp-content\/uploads\/2022\/07\/Sponde-Idrauliche-anteo-F3IV-150x150.jpg 150w, https:\/\/www.anteo.com\/wp-content\/uploads\/2022\/07\/Sponde-Idrauliche-anteo-F3IV-768x768.jpg 768w\" sizes=\"(max-width: 1024px) 100vw, 1024px\" \/><\/a><\/figure><div class=\"elementor-image-box-content\"><h3 class=\"elementor-image-box-title\"><a href=\"https:\/\/www.anteo.com\/de\/produkte\/lifte-fur-vans\/f3iv050\/\">F3IV050<\/a><\/h3><p class=\"elementor-image-box-description\"><b>capacity: 500 kg.<\/b><br>Die Ladebordwand F3HD IV 032 entwickelt insbesonders f\u00fcr:<br>\n<ul>\n<li>Citroen JUMPER\n<li>Citroen RELAY\n<li>Fiat DUCATO\n<\/ul><\/p><\/div><\/div>\t\t<\/div>\n\t\t\t\t<\/div>\n\t\t\t\t<div class=\"elementor-element elementor-element-4826fd5 elementor-align-left elementor-tablet-align-left elementor-widget elementor-widget-button\" data-id=\"4826fd5\" data-element_type=\"widget\" data-widget_type=\"button.default\">\n\t\t\t\t<div class=\"elementor-widget-container\">\n\t\t\t\t\t<div class=\"elementor-button-wrapper\">\n\t\t\t<a class=\"elementor-button elementor-button-link elementor-size-sm\" href=\"https:\/\/www.anteo.com\/de\/produkte\/lifte-fur-vans\/f3iv050\/\">\n\t\t\t\t\t\t<span class=\"elementor-button-content-wrapper\">\n\t\t\t\t\t\t<span class=\"elementor-button-text\">Details<\/span>\n\t\t<\/span>\n\t\t\t\t\t<\/a>\n\t\t<\/div>\n\t\t\t\t<\/div>\n\t\t\t\t<\/div>\n\t\t\t\t\t<\/div>\n\t\t<\/div>\n\t\t\t\t<div class=\"elementor-column elementor-col-25 elementor-inner-column elementor-element elementor-element-d797b55\" data-id=\"d797b55\" data-element_type=\"column\" data-settings=\"{&quot;background_background&quot;:&quot;classic&quot;}\">\n\t\t\t<div class=\"elementor-widget-wrap elementor-element-populated\">\n\t\t\t\t\t\t<div class=\"elementor-element elementor-element-d033584 elementor-position-top elementor-widget elementor-widget-image-box\" data-id=\"d033584\" data-element_type=\"widget\" data-widget_type=\"image-box.default\">\n\t\t\t\t<div class=\"elementor-widget-container\">\n\t\t\t<div class=\"elementor-image-box-wrapper\"><figure class=\"elementor-image-box-img\"><a href=\"https:\/\/www.anteo.com\/de\/produkte\/lifte-fur-vans\/f3v075f\/\" tabindex=\"-1\"><img loading=\"lazy\" decoding=\"async\" width=\"1024\" height=\"1024\" src=\"https:\/\/www.anteo.com\/wp-content\/uploads\/2022\/01\/Anteo-sponda-F3V05F.jpg\" class=\"attachment-full size-full wp-image-1867\" alt=\"Anteo-sponda-F3V05_Anteo sponde idrauliche made in Italy\" srcset=\"https:\/\/www.anteo.com\/wp-content\/uploads\/2022\/01\/Anteo-sponda-F3V05F.jpg 1024w, https:\/\/www.anteo.com\/wp-content\/uploads\/2022\/01\/Anteo-sponda-F3V05F-300x300.jpg 300w, https:\/\/www.anteo.com\/wp-content\/uploads\/2022\/01\/Anteo-sponda-F3V05F-150x150.jpg 150w, https:\/\/www.anteo.com\/wp-content\/uploads\/2022\/01\/Anteo-sponda-F3V05F-768x768.jpg 768w\" sizes=\"(max-width: 1024px) 100vw, 1024px\" \/><\/a><\/figure><div class=\"elementor-image-box-content\"><h3 class=\"elementor-image-box-title\"><a href=\"https:\/\/www.anteo.com\/de\/produkte\/lifte-fur-vans\/f3v075f\/\">F3V075F<\/a><\/h3><p class=\"elementor-image-box-description\"><b>capacity: 750 kg.<\/b><br>Die Ladebordwand F3 V075F wurde f\u00fcr die Klasse der Kastenwagen mit 5 Tonnen entwickelt, und kann einfach und ohne \u00c4nderungen am Tr\u00e4gerfahrzeug installiert werden.<\/p><\/div><\/div>\t\t<\/div>\n\t\t\t\t<\/div>\n\t\t\t\t<div class=\"elementor-element elementor-element-5bf933e elementor-align-left elementor-tablet-align-left elementor-widget elementor-widget-button\" data-id=\"5bf933e\" data-element_type=\"widget\" data-widget_type=\"button.default\">\n\t\t\t\t<div class=\"elementor-widget-container\">\n\t\t\t\t\t<div class=\"elementor-button-wrapper\">\n\t\t\t<a class=\"elementor-button elementor-button-link elementor-size-sm\" href=\"https:\/\/www.anteo.com\/de\/produkte\/lifte-fur-vans\/f3v075f\/\">\n\t\t\t\t\t\t<span class=\"elementor-button-content-wrapper\">\n\t\t\t\t\t\t<span class=\"elementor-button-text\">Details<\/span>\n\t\t<\/span>\n\t\t\t\t\t<\/a>\n\t\t<\/div>\n\t\t\t\t<\/div>\n\t\t\t\t<\/div>\n\t\t\t\t\t<\/div>\n\t\t<\/div>\n\t\t\t\t\t<\/div>\n\t\t<\/section>\n\t\t\t\t<section class=\"elementor-section elementor-inner-section elementor-element elementor-element-e3807fa elementor-section-full_width elementor-section-height-default elementor-section-height-default\" data-id=\"e3807fa\" data-element_type=\"section\">\n\t\t\t\t\t\t<div class=\"elementor-container elementor-column-gap-custom\">\n\t\t\t\t\t<div class=\"elementor-column elementor-col-25 elementor-inner-column elementor-element elementor-element-0d410c0\" data-id=\"0d410c0\" data-element_type=\"column\" data-settings=\"{&quot;background_background&quot;:&quot;classic&quot;}\">\n\t\t\t<div class=\"elementor-widget-wrap elementor-element-populated\">\n\t\t\t\t\t\t<div class=\"elementor-element elementor-element-aeed291 elementor-position-top elementor-widget elementor-widget-image-box\" data-id=\"aeed291\" data-element_type=\"widget\" data-widget_type=\"image-box.default\">\n\t\t\t\t<div class=\"elementor-widget-container\">\n\t\t\t<div class=\"elementor-image-box-wrapper\"><figure class=\"elementor-image-box-img\"><a href=\"https:\/\/www.anteo.com\/de\/produkte\/lifte-fur-vans\/f3v080\/\" tabindex=\"-1\"><img loading=\"lazy\" decoding=\"async\" width=\"1024\" height=\"1024\" src=\"https:\/\/www.anteo.com\/wp-content\/uploads\/2022\/01\/F3V080-anteo.jpg\" class=\"attachment-full size-full wp-image-1868\" alt=\"Anteo F3V08\" srcset=\"https:\/\/www.anteo.com\/wp-content\/uploads\/2022\/01\/F3V080-anteo.jpg 1024w, https:\/\/www.anteo.com\/wp-content\/uploads\/2022\/01\/F3V080-anteo-300x300.jpg 300w, https:\/\/www.anteo.com\/wp-content\/uploads\/2022\/01\/F3V080-anteo-150x150.jpg 150w, https:\/\/www.anteo.com\/wp-content\/uploads\/2022\/01\/F3V080-anteo-768x768.jpg 768w\" sizes=\"(max-width: 1024px) 100vw, 1024px\" \/><\/a><\/figure><div class=\"elementor-image-box-content\"><h3 class=\"elementor-image-box-title\"><a href=\"https:\/\/www.anteo.com\/de\/produkte\/lifte-fur-vans\/f3v080\/\">F3V080<\/a><\/h3><p class=\"elementor-image-box-description\"><b>capacity: 800 kg.<\/b><br>Die klassische F3V 080 Ladebordwand wurde f\u00fcr Kastenwagen \u00fcber 3,5 Tonnen entwickelt:<br>\n<ul>\n<li>Iveco DAILY\n<li>Mercedes VARIO\n<\/ul><\/p><\/div><\/div>\t\t<\/div>\n\t\t\t\t<\/div>\n\t\t\t\t<div class=\"elementor-element elementor-element-262dcba elementor-align-left elementor-tablet-align-left elementor-widget elementor-widget-button\" data-id=\"262dcba\" data-element_type=\"widget\" data-widget_type=\"button.default\">\n\t\t\t\t<div class=\"elementor-widget-container\">\n\t\t\t\t\t<div class=\"elementor-button-wrapper\">\n\t\t\t<a class=\"elementor-button elementor-button-link elementor-size-sm\" href=\"https:\/\/www.anteo.com\/de\/produkte\/lifte-fur-vans\/f3v080\/\">\n\t\t\t\t\t\t<span class=\"elementor-button-content-wrapper\">\n\t\t\t\t\t\t<span class=\"elementor-button-text\">Details<\/span>\n\t\t<\/span>\n\t\t\t\t\t<\/a>\n\t\t<\/div>\n\t\t\t\t<\/div>\n\t\t\t\t<\/div>\n\t\t\t\t\t<\/div>\n\t\t<\/div>\n\t\t\t\t<div class=\"elementor-column elementor-col-25 elementor-inner-column elementor-element elementor-element-532a063\" data-id=\"532a063\" data-element_type=\"column\" data-settings=\"{&quot;background_background&quot;:&quot;classic&quot;}\">\n\t\t\t<div class=\"elementor-widget-wrap\">\n\t\t\t\t\t\t\t<\/div>\n\t\t<\/div>\n\t\t\t\t<div class=\"elementor-column elementor-col-25 elementor-inner-column elementor-element elementor-element-e91e24e elementor-hidden-tablet elementor-hidden-mobile\" data-id=\"e91e24e\" data-element_type=\"column\" data-settings=\"{&quot;background_background&quot;:&quot;classic&quot;}\">\n\t\t\t<div class=\"elementor-widget-wrap\">\n\t\t\t\t\t\t\t<\/div>\n\t\t<\/div>\n\t\t\t\t<div class=\"elementor-column elementor-col-25 elementor-inner-column elementor-element elementor-element-5ab39e7 elementor-hidden-tablet elementor-hidden-mobile\" data-id=\"5ab39e7\" data-element_type=\"column\" data-settings=\"{&quot;background_background&quot;:&quot;classic&quot;}\">\n\t\t\t<div class=\"elementor-widget-wrap\">\n\t\t\t\t\t\t\t<\/div>\n\t\t<\/div>\n\t\t\t\t\t<\/div>\n\t\t<\/section>\n\t\t\t\t\t<\/div>\n\t\t<\/div>\n\t\t\t\t\t<\/div>\n\t\t<\/section>\n\t\t\t\t<section class=\"elementor-section elementor-top-section elementor-element elementor-element-305b3a99 elementor-section-full_width elementor-hidden-desktop elementor-hidden-tablet elementor-hidden-mobile elementor-section-height-default elementor-section-height-default\" data-id=\"305b3a99\" data-element_type=\"section\">\n\t\t\t\t\t\t<div class=\"elementor-container elementor-column-gap-default\">\n\t\t\t\t\t<div class=\"elementor-column elementor-col-50 elementor-top-column elementor-element elementor-element-5913154d\" data-id=\"5913154d\" data-element_type=\"column\" data-settings=\"{&quot;background_background&quot;:&quot;classic&quot;}\">\n\t\t\t<div class=\"elementor-widget-wrap elementor-element-populated\">\n\t\t\t\t\t\t<div class=\"elementor-element elementor-element-7cfeb7c2 elementor-widget elementor-widget-spacer\" data-id=\"7cfeb7c2\" data-element_type=\"widget\" data-widget_type=\"spacer.default\">\n\t\t\t\t<div class=\"elementor-widget-container\">\n\t\t\t<style>\/*! elementor - v3.19.0 - 07-02-2024 *\/\n.elementor-column .elementor-spacer-inner{height:var(--spacer-size)}.e-con{--container-widget-width:100%}.e-con-inner>.elementor-widget-spacer,.e-con>.elementor-widget-spacer{width:var(--container-widget-width,var(--spacer-size));--align-self:var(--container-widget-align-self,initial);--flex-shrink:0}.e-con-inner>.elementor-widget-spacer>.elementor-widget-container,.e-con>.elementor-widget-spacer>.elementor-widget-container{height:100%;width:100%}.e-con-inner>.elementor-widget-spacer>.elementor-widget-container>.elementor-spacer,.e-con>.elementor-widget-spacer>.elementor-widget-container>.elementor-spacer{height:100%}.e-con-inner>.elementor-widget-spacer>.elementor-widget-container>.elementor-spacer>.elementor-spacer-inner,.e-con>.elementor-widget-spacer>.elementor-widget-container>.elementor-spacer>.elementor-spacer-inner{height:var(--container-widget-height,var(--spacer-size))}.e-con-inner>.elementor-widget-spacer.elementor-widget-empty,.e-con>.elementor-widget-spacer.elementor-widget-empty{position:relative;min-height:22px;min-width:22px}.e-con-inner>.elementor-widget-spacer.elementor-widget-empty .elementor-widget-empty-icon,.e-con>.elementor-widget-spacer.elementor-widget-empty .elementor-widget-empty-icon{position:absolute;top:0;bottom:0;left:0;right:0;margin:auto;padding:0;width:22px;height:22px}<\/style>\t\t<div class=\"elementor-spacer\">\n\t\t\t<div class=\"elementor-spacer-inner\"><\/div>\n\t\t<\/div>\n\t\t\t\t<\/div>\n\t\t\t\t<\/div>\n\t\t\t\t\t<\/div>\n\t\t<\/div>\n\t\t\t\t<div class=\"elementor-column elementor-col-50 elementor-top-column elementor-element elementor-element-3ac77183\" data-id=\"3ac77183\" data-element_type=\"column\" data-settings=\"{&quot;background_background&quot;:&quot;classic&quot;}\">\n\t\t\t<div class=\"elementor-widget-wrap elementor-element-populated\">\n\t\t\t\t\t\t<div class=\"elementor-element elementor-element-22c6f9b2 elementor-widget elementor-widget-heading\" data-id=\"22c6f9b2\" data-element_type=\"widget\" data-widget_type=\"heading.default\">\n\t\t\t\t<div class=\"elementor-widget-container\">\n\t\t\t<h6 class=\"elementor-heading-title elementor-size-default\">Aggiungi funzionalit\u00e0 alla tua sponda<\/h6>\t\t<\/div>\n\t\t\t\t<\/div>\n\t\t\t\t<div class=\"elementor-element elementor-element-61df1391 elementor-widget elementor-widget-heading\" data-id=\"61df1391\" data-element_type=\"widget\" data-widget_type=\"heading.default\">\n\t\t\t\t<div class=\"elementor-widget-container\">\n\t\t\t<h2 class=\"elementor-heading-title elementor-size-default\">Accessori per sponde idrauliche<\/h2>\t\t<\/div>\n\t\t\t\t<\/div>\n\t\t\t\t<div class=\"elementor-element elementor-element-3993fe6c elementor-widget elementor-widget-text-editor\" data-id=\"3993fe6c\" data-element_type=\"widget\" data-widget_type=\"text-editor.default\">\n\t\t\t\t<div class=\"elementor-widget-container\">\n\t\t\t\t\t\t\t<p>Le sponde Anteo prevedono, di serie, molteplici funzionalit\u00e0 che permettono un utilizzo agevole e sicuro delle sponde. Sono disponibili, su richiesta, una vasta gamma di accessori dedicati per migliorare le performance.<\/p>\t\t\t\t\t\t<\/div>\n\t\t\t\t<\/div>\n\t\t\t\t<div class=\"elementor-element elementor-element-18192034 elementor-align-left elementor-tablet-align-left elementor-widget elementor-widget-button\" data-id=\"18192034\" data-element_type=\"widget\" data-widget_type=\"button.default\">\n\t\t\t\t<div class=\"elementor-widget-container\">\n\t\t\t\t\t<div class=\"elementor-button-wrapper\">\n\t\t\t<a class=\"elementor-button elementor-button-link elementor-size-sm\" href=\"https:\/\/www.anteo.com\/de\/produkte\/optionen\/\">\n\t\t\t\t\t\t<span class=\"elementor-button-content-wrapper\">\n\t\t\t\t\t\t<span class=\"elementor-button-text\">Scopri gli accessori per sponde caricatrici<\/span>\n\t\t<\/span>\n\t\t\t\t\t<\/a>\n\t\t<\/div>\n\t\t\t\t<\/div>\n\t\t\t\t<\/div>\n\t\t\t\t\t<\/div>\n\t\t<\/div>\n\t\t\t\t\t<\/div>\n\t\t<\/section>\n\t\t\t\t<\/div>\n\t\t","protected":false},"excerpt":{"rendered":"<p>Lifte f\u00fcr Vans Le sponde per veicoli commerciali sono progettate per rispondere alle diverse esigenze di carico, prediligendo la versatilit\u00e0 di utilizzo, associata a peso ridotto per minimizzare l\u2019impatto sulla capacit\u00e0 di carico del mezzo. La personalit\u00e0 di personalizzazione e l&#8217;installazione senza modifiche al veicolo le rendono la soluzione ideale per agevolare il lavoro quotidiano [&hellip;]<\/p>\n","protected":false},"author":2,"featured_media":0,"parent":12188,"menu_order":0,"comment_status":"closed","ping_status":"closed","template":"","meta":{"footnotes":""},"class_list":["post-12562","page","type-page","status-publish","hentry"],"yoast_head":"<!-- This site is optimized with the Yoast SEO plugin v27.2 - https:\/\/yoast.com\/product\/yoast-seo-wordpress\/ -->\r\n<title>Kommerzielle Ladebordw\u00e4nde von 300 kg bis 1000 kg<\/title>\r\n<meta name=\"description\" content=\"Die Ladebordw\u00e4nde f\u00fcr Nutzfahrzeuge sind f\u00fcr unterschiedliche Beladungsanforderungen konzipiert, wobei die Vielseitigkeit des Einsatzes im Vordergrund steht, kombiniert mit einem geringen Gewicht, um die Auswirkungen auf die Ladekapazit\u00e4t des Fahrzeugs zu minimieren.\" \/>\r\n<meta name=\"robots\" content=\"index, follow, max-snippet:-1, max-image-preview:large, max-video-preview:-1\" \/>\r\n<link rel=\"canonical\" href=\"https:\/\/www.anteo.com\/de\/produkte\/lifte-fur-vans\/\" \/>\r\n<meta property=\"og:locale\" content=\"de_DE\" \/>\r\n<meta property=\"og:type\" content=\"article\" \/>\r\n<meta property=\"og:title\" content=\"Kommerzielle Ladebordw\u00e4nde von 300 kg bis 1000 kg\" \/>\r\n<meta property=\"og:description\" content=\"Die Ladebordw\u00e4nde f\u00fcr Nutzfahrzeuge sind f\u00fcr unterschiedliche Beladungsanforderungen konzipiert, wobei die Vielseitigkeit des Einsatzes im Vordergrund steht, kombiniert mit einem geringen Gewicht, um die Auswirkungen auf die Ladekapazit\u00e4t des Fahrzeugs zu minimieren.\" \/>\r\n<meta property=\"og:url\" content=\"https:\/\/www.anteo.com\/de\/produkte\/lifte-fur-vans\/\" \/>\r\n<meta property=\"og:site_name\" content=\"Anteo\" \/>\r\n<meta property=\"article:modified_time\" content=\"2022-07-26T08:56:51+00:00\" \/>\r\n<meta property=\"og:image\" content=\"https:\/\/www.anteo.com\/wp-content\/uploads\/2022\/01\/Sponde-COMMERCIALI-2.png\" \/>\r\n<meta name=\"twitter:card\" content=\"summary_large_image\" \/>\r\n<meta name=\"twitter:label1\" content=\"Gesch\u00e4tzte Lesezeit\" \/>\n\t<meta name=\"twitter:data1\" content=\"5\u00a0Minuten\" \/>\r\n<script type=\"application\/ld+json\" class=\"yoast-schema-graph\">{\"@context\":\"https:\/\/schema.org\",\"@graph\":[{\"@type\":\"WebPage\",\"@id\":\"https:\/\/www.anteo.com\/de\/produkte\/lifte-fur-vans\/\",\"url\":\"https:\/\/www.anteo.com\/de\/produkte\/lifte-fur-vans\/\",\"name\":\"Kommerzielle Ladebordw\u00e4nde von 300 kg bis 1000 kg\",\"isPartOf\":{\"@id\":\"https:\/\/www.anteo.com\/it\/#website\"},\"primaryImageOfPage\":{\"@id\":\"https:\/\/www.anteo.com\/de\/produkte\/lifte-fur-vans\/#primaryimage\"},\"image\":{\"@id\":\"https:\/\/www.anteo.com\/de\/produkte\/lifte-fur-vans\/#primaryimage\"},\"thumbnailUrl\":\"https:\/\/www.anteo.com\/wp-content\/uploads\/2022\/01\/Sponde-COMMERCIALI-2.png\",\"datePublished\":\"2022-02-02T08:02:52+00:00\",\"dateModified\":\"2022-07-26T08:56:51+00:00\",\"description\":\"Die Ladebordw\u00e4nde f\u00fcr Nutzfahrzeuge sind f\u00fcr unterschiedliche Beladungsanforderungen konzipiert, wobei die Vielseitigkeit des Einsatzes im Vordergrund steht, kombiniert mit einem geringen Gewicht, um die Auswirkungen auf die Ladekapazit\u00e4t des Fahrzeugs zu minimieren.\",\"breadcrumb\":{\"@id\":\"https:\/\/www.anteo.com\/de\/produkte\/lifte-fur-vans\/#breadcrumb\"},\"inLanguage\":\"de\",\"potentialAction\":[{\"@type\":\"ReadAction\",\"target\":[\"https:\/\/www.anteo.com\/de\/produkte\/lifte-fur-vans\/\"]}]},{\"@type\":\"ImageObject\",\"inLanguage\":\"de\",\"@id\":\"https:\/\/www.anteo.com\/de\/produkte\/lifte-fur-vans\/#primaryimage\",\"url\":\"https:\/\/www.anteo.com\/wp-content\/uploads\/2022\/01\/Sponde-COMMERCIALI-2.png\",\"contentUrl\":\"https:\/\/www.anteo.com\/wp-content\/uploads\/2022\/01\/Sponde-COMMERCIALI-2.png\"},{\"@type\":\"BreadcrumbList\",\"@id\":\"https:\/\/www.anteo.com\/de\/produkte\/lifte-fur-vans\/#breadcrumb\",\"itemListElement\":[{\"@type\":\"ListItem\",\"position\":1,\"name\":\"Home\",\"item\":\"https:\/\/www.anteo.com\/de\/\"},{\"@type\":\"ListItem\",\"position\":2,\"name\":\"Produkte\",\"item\":\"https:\/\/www.anteo.com\/de\/produkte\/\"},{\"@type\":\"ListItem\",\"position\":3,\"name\":\"Lifte f\u00fcr Vans\"}]},{\"@type\":\"WebSite\",\"@id\":\"https:\/\/www.anteo.com\/it\/#website\",\"url\":\"https:\/\/www.anteo.com\/it\/\",\"name\":\"Anteo\",\"description\":\"\",\"publisher\":{\"@id\":\"https:\/\/www.anteo.com\/it\/#organization\"},\"potentialAction\":[{\"@type\":\"SearchAction\",\"target\":{\"@type\":\"EntryPoint\",\"urlTemplate\":\"https:\/\/www.anteo.com\/it\/?s={search_term_string}\"},\"query-input\":{\"@type\":\"PropertyValueSpecification\",\"valueRequired\":true,\"valueName\":\"search_term_string\"}}],\"inLanguage\":\"de\"},{\"@type\":\"Organization\",\"@id\":\"https:\/\/www.anteo.com\/it\/#organization\",\"name\":\"Anteo\",\"url\":\"https:\/\/www.anteo.com\/it\/\",\"logo\":{\"@type\":\"ImageObject\",\"inLanguage\":\"de\",\"@id\":\"https:\/\/www.anteo.com\/it\/#\/schema\/logo\/image\/\",\"url\":\"https:\/\/www.anteo.com\/wp-content\/uploads\/2022\/01\/ANTEO-logo-1.png\",\"contentUrl\":\"https:\/\/www.anteo.com\/wp-content\/uploads\/2022\/01\/ANTEO-logo-1.png\",\"width\":400,\"height\":125,\"caption\":\"Anteo\"},\"image\":{\"@id\":\"https:\/\/www.anteo.com\/it\/#\/schema\/logo\/image\/\"}}]}<\/script>\r\n<!-- \/ Yoast SEO plugin. -->","yoast_head_json":{"title":"Kommerzielle Ladebordw\u00e4nde von 300 kg bis 1000 kg","description":"Die Ladebordw\u00e4nde f\u00fcr Nutzfahrzeuge sind f\u00fcr unterschiedliche Beladungsanforderungen konzipiert, wobei die Vielseitigkeit des Einsatzes im Vordergrund steht, kombiniert mit einem geringen Gewicht, um die Auswirkungen auf die Ladekapazit\u00e4t des Fahrzeugs zu minimieren.","robots":{"index":"index","follow":"follow","max-snippet":"max-snippet:-1","max-image-preview":"max-image-preview:large","max-video-preview":"max-video-preview:-1"},"canonical":"https:\/\/www.anteo.com\/de\/produkte\/lifte-fur-vans\/","og_locale":"de_DE","og_type":"article","og_title":"Kommerzielle Ladebordw\u00e4nde von 300 kg bis 1000 kg","og_description":"Die Ladebordw\u00e4nde f\u00fcr Nutzfahrzeuge sind f\u00fcr unterschiedliche Beladungsanforderungen konzipiert, wobei die Vielseitigkeit des Einsatzes im Vordergrund steht, kombiniert mit einem geringen Gewicht, um die Auswirkungen auf die Ladekapazit\u00e4t des Fahrzeugs zu minimieren.","og_url":"https:\/\/www.anteo.com\/de\/produkte\/lifte-fur-vans\/","og_site_name":"Anteo","article_modified_time":"2022-07-26T08:56:51+00:00","og_image":[{"url":"https:\/\/www.anteo.com\/wp-content\/uploads\/2022\/01\/Sponde-COMMERCIALI-2.png","type":"","width":"","height":""}],"twitter_card":"summary_large_image","twitter_misc":{"Gesch\u00e4tzte Lesezeit":"5\u00a0Minuten"},"schema":{"@context":"https:\/\/schema.org","@graph":[{"@type":"WebPage","@id":"https:\/\/www.anteo.com\/de\/produkte\/lifte-fur-vans\/","url":"https:\/\/www.anteo.com\/de\/produkte\/lifte-fur-vans\/","name":"Kommerzielle Ladebordw\u00e4nde von 300 kg bis 1000 kg","isPartOf":{"@id":"https:\/\/www.anteo.com\/it\/#website"},"primaryImageOfPage":{"@id":"https:\/\/www.anteo.com\/de\/produkte\/lifte-fur-vans\/#primaryimage"},"image":{"@id":"https:\/\/www.anteo.com\/de\/produkte\/lifte-fur-vans\/#primaryimage"},"thumbnailUrl":"https:\/\/www.anteo.com\/wp-content\/uploads\/2022\/01\/Sponde-COMMERCIALI-2.png","datePublished":"2022-02-02T08:02:52+00:00","dateModified":"2022-07-26T08:56:51+00:00","description":"Die Ladebordw\u00e4nde f\u00fcr Nutzfahrzeuge sind f\u00fcr unterschiedliche Beladungsanforderungen konzipiert, wobei die Vielseitigkeit des Einsatzes im Vordergrund steht, kombiniert mit einem geringen Gewicht, um die Auswirkungen auf die Ladekapazit\u00e4t des Fahrzeugs zu minimieren.","breadcrumb":{"@id":"https:\/\/www.anteo.com\/de\/produkte\/lifte-fur-vans\/#breadcrumb"},"inLanguage":"de","potentialAction":[{"@type":"ReadAction","target":["https:\/\/www.anteo.com\/de\/produkte\/lifte-fur-vans\/"]}]},{"@type":"ImageObject","inLanguage":"de","@id":"https:\/\/www.anteo.com\/de\/produkte\/lifte-fur-vans\/#primaryimage","url":"https:\/\/www.anteo.com\/wp-content\/uploads\/2022\/01\/Sponde-COMMERCIALI-2.png","contentUrl":"https:\/\/www.anteo.com\/wp-content\/uploads\/2022\/01\/Sponde-COMMERCIALI-2.png"},{"@type":"BreadcrumbList","@id":"https:\/\/www.anteo.com\/de\/produkte\/lifte-fur-vans\/#breadcrumb","itemListElement":[{"@type":"ListItem","position":1,"name":"Home","item":"https:\/\/www.anteo.com\/de\/"},{"@type":"ListItem","position":2,"name":"Produkte","item":"https:\/\/www.anteo.com\/de\/produkte\/"},{"@type":"ListItem","position":3,"name":"Lifte f\u00fcr Vans"}]},{"@type":"WebSite","@id":"https:\/\/www.anteo.com\/it\/#website","url":"https:\/\/www.anteo.com\/it\/","name":"Anteo","description":"","publisher":{"@id":"https:\/\/www.anteo.com\/it\/#organization"},"potentialAction":[{"@type":"SearchAction","target":{"@type":"EntryPoint","urlTemplate":"https:\/\/www.anteo.com\/it\/?s={search_term_string}"},"query-input":{"@type":"PropertyValueSpecification","valueRequired":true,"valueName":"search_term_string"}}],"inLanguage":"de"},{"@type":"Organization","@id":"https:\/\/www.anteo.com\/it\/#organization","name":"Anteo","url":"https:\/\/www.anteo.com\/it\/","logo":{"@type":"ImageObject","inLanguage":"de","@id":"https:\/\/www.anteo.com\/it\/#\/schema\/logo\/image\/","url":"https:\/\/www.anteo.com\/wp-content\/uploads\/2022\/01\/ANTEO-logo-1.png","contentUrl":"https:\/\/www.anteo.com\/wp-content\/uploads\/2022\/01\/ANTEO-logo-1.png","width":400,"height":125,"caption":"Anteo"},"image":{"@id":"https:\/\/www.anteo.com\/it\/#\/schema\/logo\/image\/"}}]}},"_links":{"self":[{"href":"https:\/\/www.anteo.com\/de\/wp-json\/wp\/v2\/pages\/12562","targetHints":{"allow":["GET"]}}],"collection":[{"href":"https:\/\/www.anteo.com\/de\/wp-json\/wp\/v2\/pages"}],"about":[{"href":"https:\/\/www.anteo.com\/de\/wp-json\/wp\/v2\/types\/page"}],"author":[{"embeddable":true,"href":"https:\/\/www.anteo.com\/de\/wp-json\/wp\/v2\/users\/2"}],"replies":[{"embeddable":true,"href":"https:\/\/www.anteo.com\/de\/wp-json\/wp\/v2\/comments?post=12562"}],"version-history":[{"count":0,"href":"https:\/\/www.anteo.com\/de\/wp-json\/wp\/v2\/pages\/12562\/revisions"}],"up":[{"embeddable":true,"href":"https:\/\/www.anteo.com\/de\/wp-json\/wp\/v2\/pages\/12188"}],"wp:attachment":[{"href":"https:\/\/www.anteo.com\/de\/wp-json\/wp\/v2\/media?parent=12562"}],"curies":[{"name":"wp","href":"https:\/\/api.w.org\/{rel}","templated":true}]}}